{"id":22661,"date":"2018-09-25T16:24:53","date_gmt":"2018-09-25T16:24:53","guid":{"rendered":"https:\/\/jobsability.ca\/avantages-de-labonnement\/"},"modified":"2025-06-12T15:50:20","modified_gmt":"2025-06-12T15:50:20","slug":"avantages-de-labonnement","status":"publish","type":"page","link":"https:\/\/jobsability.ca\/fr\/avantages-de-labonnement\/","title":{"rendered":"Avantages de l\u2019abonnement"},"content":{"rendered":"<div class=\"wpb-content-wrapper\"><p>[vc_row full_width=&#8221;stretch_row&#8221; gap=&#8221;30&#8243; enable_first_overlay=&#8221;true&#8221; first_overlay_opacity=&#8221;100&#8243; first_background_type=&#8221;image&#8221; first_background_image=&#8221;22035&#8243; first_background_position=&#8221;top-left&#8221; first_background_image_size=&#8221;full&#8221; first_background_size=&#8221;cover&#8221; enable_second_overlay=&#8221;true&#8221; second_overlay_opacity=&#8221;90&#8243; second_background_color=&#8221;#34596f&#8221; css=&#8221;.vc_custom_1620766384769{padding-top: 7% !important;padding-bottom: 5% !important;}&#8221;][vc_column][vc_column_text css=&#8221;&#8221;]<\/p>\n<h2><span style=\"color: #ffffff;\">Abonnez-vous <span style=\"text-decoration: underline;\"><a style=\"color: #ffffff; text-decoration: underline;\" href=\"https:\/\/jobsability.ca\/fr\/formulaire-dabonnement-a-jobs-ability-canada\/\">maintenant<\/a><\/span>!  <\/span><\/h2>\n<p><span style=\"color: #ffffff;\">\u00c9liminer les obstacles involontaires que l&#8217;on trouve sur les plateformes de recrutement en ligne habituelles. Recruter et embaucher des candidats talentueux \u00e0 partir de la seule plateforme au Canada con\u00e7ue par et pour les personnes en situation de handicap. <\/span>[\/vc_column_text][\/vc_column][\/vc_row][vc_section][vc_row css=&#8221;.vc_custom_1618262151530{padding-top: 5% !important;}&#8221;][vc_column][vc_column_text]<\/p>\n<h2>Pourquoi s\u2019abonner?<\/h2>\n<h4>Niveaux d\u2019abonnement<\/h4>\n<p>[\/vc_column_text][\/vc_column][\/vc_row][vc_row][vc_column][vc_column_text css=&#8221;&#8221;]<\/p>\n<table style=\"height: 100%; width: 100%;\">\n<thead>\n<tr style=\"height: 30px; background: #EAECF8;\">\n<th><\/th>\n<th>\n<h3>Petites entreprises<\/h3>\n<\/th>\n<th>\n<h3>Organisme \u00e0 but non lucratif<\/h3>\n<\/th>\n<th>\n<h3>Provincial<\/h3>\n<\/th>\n<th>\n<h3>Nationale<\/h3>\n<\/th>\n<\/tr>\n<\/thead>\n<tbody>\n<tr>\n<td>\n<h4><strong>Annuellement<\/strong><\/h4>\n<\/td>\n<td style=\"text-align: center;\">Tarifs personnalis\u00e9s &#8211; nous contacter<\/td>\n<td style=\"text-align: center;\">5 000 $<\/td>\n<td style=\"text-align: center;\">7 500 $<\/td>\n<td style=\"text-align: center;\">10 000 $<\/td>\n<\/tr>\n<tr>\n<td>\n<h4><strong>Trimestriellement<\/strong><\/h4>\n<\/td>\n<td style=\"text-align: center;\">Tarifs personnalis\u00e9s &#8211; nous contacter<\/td>\n<td style=\"text-align: center;\">1 375 $<\/td>\n<td style=\"text-align: center;\">2 063 $<\/td>\n<td style=\"text-align: center;\">2 750 $<\/td>\n<\/tr>\n<tr>\n<td>\n<h4><strong>Mensuellement<\/strong><\/h4>\n<\/td>\n<td style=\"text-align: center;\">Tarifs personnalis\u00e9s &#8211; nous contacter<\/td>\n<td>\n<p style=\"text-align: center;\">500 $<\/p>\n<\/td>\n<td style=\"text-align: center;\">750 $<\/td>\n<td style=\"text-align: center;\">1 000 $<\/td>\n<\/tr>\n<\/tbody>\n<\/table>\n<p>*Tous les abonnements donnent droit \u00e0 un nombre illimit\u00e9 d&#8217;offres d&#8217;emploi.[\/vc_column_text][\/vc_column][\/vc_row][vc_row disable_element=&#8221;yes&#8221;][vc_column width=&#8221;1\/4&#8243;][vc_column_text]<div class=\"pricing-box  cp-left pricing-box-box\"><div class=\"plan-header\"><h2 class=\"title \">Petites entreprises<\/h2><div class=\"price\"><sup class=\"currency\"><\/sup><span>Custom<\/span><sup class=\"period\"><\/sup><\/div><hr class=\"hr_color\" \/><\/div><div class=\"plan-inside\"><span class=\"pi-content\"><\/p>\n<ul>\n<li><span style=\"font-weight: 400;\">Tarification personnalis\u00e9e &#8211; Contactez-nous<\/span><\/li>\n<\/ul>\n<p><\/span><\/div><\/div>\n[\/vc_column_text][\/vc_column][vc_column width=&#8221;1\/4&#8243;][vc_column_text]<div class=\"pricing-box  cp-left pricing-box-box\"><div class=\"plan-header\"><h2 class=\"title \">Organismes \u00e0 but non lucratif <\/h2><div class=\"price\"><sup class=\"currency\"><\/sup><span>$5,000<\/span><sup class=\"period\"><\/sup><\/div><hr class=\"hr_color\" \/><\/div><div class=\"plan-inside\"><span class=\"pi-content\"><\/p>\n<ul>\n<li><span style=\"font-weight: 400;\">Abonnement annuel illimit\u00e9<\/span><\/li>\n<\/ul>\n<p><\/span><\/div><\/div>\n[\/vc_column_text][\/vc_column][vc_column width=&#8221;1\/4&#8243;][vc_column_text]<div class=\"pricing-box  cp-left pricing-box-box\"><div class=\"plan-header\"><h2 class=\"title \">Provincial  <\/h2><div class=\"price\"><sup class=\"currency\"><\/sup><span>$7,500<\/span><sup class=\"period\"><\/sup><\/div><hr class=\"hr_color\" \/><\/div><div class=\"plan-inside\"><span class=\"pi-content\"><\/p>\n<ul>\n<li><span style=\"font-weight: 400;\">Abonnement annuel illimit\u00e9<\/span><\/li>\n<\/ul>\n<p><\/span><\/div><\/div>\n[\/vc_column_text][\/vc_column][vc_column width=&#8221;1\/4&#8243;][vc_column_text]<div class=\"pricing-box  cp-left pricing-box-box\"><div class=\"plan-header\"><h2 class=\"title \">Nationale<\/h2><div class=\"price\"><sup class=\"currency\"><\/sup><span>$10,000<\/span><sup class=\"period\"><\/sup><\/div><hr class=\"hr_color\" \/><\/div><div class=\"plan-inside\"><span class=\"pi-content\"><\/p>\n<ul>\n<li><span style=\"font-weight: 400;\">Abonnement annuel illimit\u00e9<\/span><\/li>\n<\/ul>\n<p><\/span><\/div><\/div>\n[\/vc_column_text][\/vc_column][\/vc_row][\/vc_section][vc_row full_width=&#8221;stretch_row&#8221; gap=&#8221;30&#8243; equal_height=&#8221;yes&#8221; enable_first_overlay=&#8221;true&#8221; first_overlay_opacity=&#8221;100&#8243; first_background_color=&#8221;#34596f&#8221; css=&#8221;.vc_custom_1618419419847{padding-top: 5% !important;padding-bottom: 3% !important;}&#8221;][vc_column width=&#8221;1\/3&#8243;][vc_custom_heading text=&#8221;Avantages&#8221; font_container=&#8221;tag:h2|font_size:3rem|text_align:left|color:%23ffffff|line_height:3.8rem&#8221; google_fonts=&#8221;font_family:Raleway%3A100%2C200%2C300%2Cregular%2C500%2C600%2C700%2C800%2C900|font_style:800%20bold%20regular%3A800%3Anormal&#8221; css=&#8221;.vc_custom_1618420573397{margin-top: 40px !important;}&#8221; el_class=&#8221;shadow&#8221;][vc_btn title=&#8221;Vous inscrire&#8221; style=&#8221;outline&#8221; shape=&#8221;square&#8221; color=&#8221;white&#8221; align=&#8221;left&#8221; link=&#8221;url:https%3A%2F%2Fjobsability.ca%2Fjobs-ability-canada-subscription-form%2F&#8221;][\/vc_column][vc_column width=&#8221;1\/3&#8243;][vc_column_text]<\/p>\n<ul class=\"list_check\">\n<li><span style=\"color: #ffffff;\">Possibilit\u00e9 de publier des offres individuelles<\/span><\/li>\n<li><span style=\"color: #ffffff;\">Les offres d&#8217;emploi peuvent \u00eatre recherch\u00e9es par titre de poste, par ville et par province.<\/span><\/li>\n<li><span style=\"color: #ffffff;\">Les candidats peuvent \u00eatre recherch\u00e9s en fonction de leur lieu de r\u00e9sidence, de leur formation et de leurs comp\u00e9tences professionnelles.<\/span><\/li>\n<li><span style=\"color: #ffffff;\">Rapports trimestriels sur l&#8217;activit\u00e9 commerciale au sein du site<\/span><\/li>\n<\/ul>\n<ul class=\"list_check\">\n<li><span style=\"color: #ffffff;\">Rabais<\/span>\n<ul class=\"list_check\">\n<li><span style=\"color: #ffffff;\">Membres du R\u00e9seau ontarien pour l&#8217;emploi des personnes handicap\u00e9es (ODEN)<\/span><\/li>\n<li><span style=\"color: #ffffff;\">Formation \u00e0 la sensibilisation et \u00e0 la confiance en mati\u00e8re de handicap<\/span><\/li>\n<\/ul>\n<p>[\/vc_column_text][\/vc_column][vc_column width=&#8221;1\/3&#8243;][vc_column_text]<\/p>\n<ul class=\"list_check\">\n<li><span style=\"color: #ffffff;\">Acc\u00e8s aux ressources de l&#8217;ODEN<\/span>\n<ul class=\"list_check\">\n<li><span style=\"color: #ffffff;\">\u00c9tudes de cas et rapports<\/span><\/li>\n<li><span style=\"color: #ffffff;\">Liste de contr\u00f4le des offres d&#8217;emploi accessibles<\/span><\/li>\n<li><span style=\"color: #ffffff;\">Liste de contr\u00f4le\/guide pour les entretiens accessibles<\/span><\/li>\n<li><span style=\"color: #ffffff;\">Enqu\u00eate sur la formation \u00e0 la sensibilisation et \u00e0 la confiance en mati\u00e8re de handicap<\/span><\/li>\n<\/ul>\n<\/li>\n<\/ul>\n<p>[\/vc_column_text][\/vc_column][\/vc_row][vc_row css=&#8221;.vc_custom_1618262397401{padding-top: 5% !important;}&#8221;][vc_column][vc_column_text]<\/p>\n<h3 style=\"text-align: center;\"><b>L&#8217;engagement de Jobs Ability Canada \u00e0 votre \u00e9gard<\/b><span style=\"font-weight: 400;\"> <\/span><\/h3>\n<p>[\/vc_column_text][vc_row_inner equal_height=&#8221;yes&#8221; gap=&#8221;30&#8243;][vc_column_inner width=&#8221;1\/4&#8243;][vc_column_text css=&#8221;.vc_custom_1618420243518{padding: 20px !important;}&#8221; el_class=&#8221;speech-bubble&#8221;]<\/p>\n<h3><span style=\"font-weight: 400;\">Accro\u00eetre votre capacit\u00e9 \u00e0 recruter des personnes en situation de handicap <\/span><\/h3>\n<p>[\/vc_column_text][\/vc_column_inner][vc_column_inner width=&#8221;1\/4&#8243;][vc_column_text css=&#8221;.vc_custom_1618420236221{padding: 20px !important;}&#8221; el_class=&#8221;speech-bubble&#8221;]<\/p>\n<h3><span style=\"font-weight: 400;\">R\u00e9pondre \u00e0 vos besoins dans les meilleurs d\u00e9lais <\/span><\/h3>\n<p>[\/vc_column_text][\/vc_column_inner][vc_column_inner width=&#8221;1\/4&#8243;][vc_column_text css=&#8221;.vc_custom_1618420263720{padding: 20px !important;}&#8221; el_class=&#8221;speech-bubble&#8221;]<\/p>\n<h3><span style=\"font-weight: 400;\">Fournir un soutien et un suivi continus<\/span><\/h3>\n<p>[\/vc_column_text][\/vc_column_inner][vc_column_inner width=&#8221;1\/4&#8243;][vc_column_text css=&#8221;.vc_custom_1618420285724{padding: 20px !important;}&#8221; el_class=&#8221;speech-bubble&#8221;]<\/p>\n<h3><span style=\"font-weight: 400;\">S\u2019assurer que vous \u00eates satisfait de votre abonnement  <\/span><\/h3>\n<p>[\/vc_column_text][\/vc_column_inner][\/vc_row_inner][\/vc_column][\/vc_row][vc_row][vc_column][vc_column_text]<\/li>\n<\/ul>\n<p>[\/vc_column_text][\/vc_column][\/vc_row]<\/p>\n<\/div>","protected":false},"excerpt":{"rendered":"<p>[vc_row full_width=&#8221;stretch_row&#8221; gap=&#8221;30&#8243; enable_first_overlay=&#8221;true&#8221; first_overlay_opacity=&#8221;100&#8243; first_background_type=&#8221;image&#8221; first_background_image=&#8221;22035&#8243; first_background_position=&#8221;top-left&#8221; first_background_image_size=&#8221;full&#8221; first_background_size=&#8221;cover&#8221; enable_second_overlay=&#8221;true&#8221; second_overlay_opacity=&#8221;90&#8243; second_background_color=&#8221;#34596f&#8221; css=&#8221;.vc_custom_1620766384769{padding-top: 7% !important;padding-bottom: 5% !important;}&#8221;][vc_column][vc_column_text css=&#8221;&#8221;] Abonnez-vous maintenant! \u00c9liminer les obstacles involontaires que l&#8217;on trouve sur les plateformes de recrutement en ligne habituelles. Recruter et embaucher des candidats talentueux \u00e0 partir de la seule plateforme au Canada con\u00e7ue par et pour les personnes en situation de handicap. [\/vc_column_text][\/vc_column][\/vc_row][vc_section][vc_row css=&#8221;.vc_custom_1618262151530{padding-top: 5% !important;}&#8221;][vc_column][vc_column_text] Pourquoi s\u2019abonner? Niveaux d\u2019abonnement [\/vc_column_text][\/vc_column][\/vc_row][vc_row][vc_column][vc_column_text css=&#8221;&#8221;] Petites entreprises Organisme \u00e0 but<\/p>\n","protected":false},"author":1,"featured_media":0,"parent":0,"menu_order":0,"comment_status":"closed","ping_status":"closed","template":"","meta":{"nf_dc_page":"","footnotes":""},"class_list":["post-22661","page","type-page","status-publish","hentry"],"_links":{"self":[{"href":"https:\/\/jobsability.ca\/fr\/wp-json\/wp\/v2\/pages\/22661","targetHints":{"allow":["GET"]}}],"collection":[{"href":"https:\/\/jobsability.ca\/fr\/wp-json\/wp\/v2\/pages"}],"about":[{"href":"https:\/\/jobsability.ca\/fr\/wp-json\/wp\/v2\/types\/page"}],"author":[{"embeddable":true,"href":"https:\/\/jobsability.ca\/fr\/wp-json\/wp\/v2\/users\/1"}],"replies":[{"embeddable":true,"href":"https:\/\/jobsability.ca\/fr\/wp-json\/wp\/v2\/comments?post=22661"}],"version-history":[{"count":0,"href":"https:\/\/jobsability.ca\/fr\/wp-json\/wp\/v2\/pages\/22661\/revisions"}],"wp:attachment":[{"href":"https:\/\/jobsability.ca\/fr\/wp-json\/wp\/v2\/media?parent=22661"}],"curies":[{"name":"wp","href":"https:\/\/api.w.org\/{rel}","templated":true}]}}