{"id":22663,"date":"2016-04-28T15:58:02","date_gmt":"2016-04-28T15:58:02","guid":{"rendered":"https:\/\/jobsability.ca\/notre-equipe\/"},"modified":"2026-02-10T14:04:33","modified_gmt":"2026-02-10T14:04:33","slug":"notre-equipe","status":"publish","type":"page","link":"https:\/\/jobsability.ca\/fr\/notre-equipe\/","title":{"rendered":"Notre \u00e9quipe"},"content":{"rendered":"<div class=\"wpb-content-wrapper\"><p>[vc_section css=&#8221;.vc_custom_1618246423197{padding-top: 5% !important;padding-bottom: 3% !important;}&#8221;][vc_row][vc_column][vc_column_text]<\/p>\n<h2>\u00c9quipe Jobs Ability Canada<\/h2>\n<p>[\/vc_column_text][\/vc_column][\/vc_row][vc_row gap=&#8221;30&#8243;][vc_column width=&#8221;1\/2&#8243; css=&#8221;.vc_custom_1618246391543{padding-right: 10% !important;padding-left: 10% !important;}&#8221;]<div data-id=\"mpc_image-5969ef73810cbd5\" onclick=\"\" class=\"mpc-image mpc-init team mpc-overlay--slide-up\"  data-align=\"middle-center\"><div class=\"mpc-item mpc-transition\"><img decoding=\"async\" width=\"200\" height=\"200\" src=\"https:\/\/jobsability.ca\/wp-content\/uploads\/2024\/08\/Liz-Gosse.jpg\" class=\"mpc-transition attachment-full\" alt=\"\" title=\"Liz Gosse\" srcset=\"https:\/\/jobsability.ca\/wp-content\/uploads\/2024\/08\/Liz-Gosse.jpg 200w, https:\/\/jobsability.ca\/wp-content\/uploads\/2024\/08\/Liz-Gosse-150x150.jpg 150w, https:\/\/jobsability.ca\/wp-content\/uploads\/2024\/08\/Liz-Gosse-75x75.jpg 75w, https:\/\/jobsability.ca\/wp-content\/uploads\/2024\/08\/Liz-Gosse-100x100.jpg 100w\" sizes=\"(max-width:767px) 200px, 200px\" \/><div class=\"mpc-item-overlay mpc-transition\"><div class=\"mpc-overlay--vertical-wrap\"><div class=\"mpc-overlay--vertical\"><a class=\"mpc-icon-anchor\"><i class=\"mpc-item-overlay__icon mpc-type--external mpc-icon--icon\"><\/i><\/a><\/div><\/div><\/div><\/div><\/div>[vc_column_text css=&#8221;&#8221;]<\/p>\n<h3 style=\"text-align: center;\"><strong>Liz Gosse (elle)<\/strong><\/h3>\n<p style=\"text-align: center;\"><strong>Directeur de l\u2019engagement et de la formation en entreprise<\/strong><\/p>\n<p style=\"text-align: center;\">Liz est responsable de la croissance et du d\u00e9veloppement de la plateforme Jobs Ability Canada, supervisant l\u2019int\u00e9gration des abonn\u00e9s et le soutien aux comptes. Avec plus de 15 ans d\u2019exp\u00e9rience dans le secteur sans but lucratif, elle excelle dans le d\u00e9veloppement de relations avec des entreprises, des organismes communautaires et des bailleurs de fonds. Liz a constamment d\u00e9montr\u00e9 son succ\u00e8s dans la programmation percutante, l\u2019organisation d\u2019\u00e9v\u00e9nements r\u00e9ussis et l\u2019obtention de r\u00e9sultats.  <\/p>\n<p>[\/vc_column_text][\/vc_column][vc_column width=&#8221;1\/2&#8243;]<div data-id=\"mpc_image-8369ef73810cf8c\" onclick=\"\" class=\"mpc-image mpc-init team mpc-overlay--slide-up\"  data-align=\"middle-center\"><div class=\"mpc-item mpc-transition\"><img decoding=\"async\" width=\"200\" height=\"200\" src=\"https:\/\/jobsability.ca\/wp-content\/uploads\/2024\/08\/Pawrnaa-Perinpanayagam.jpg\" class=\"mpc-transition attachment-full\" alt=\"\" title=\"Pawrnaa Perinpanayagam\" srcset=\"https:\/\/jobsability.ca\/wp-content\/uploads\/2024\/08\/Pawrnaa-Perinpanayagam.jpg 200w, https:\/\/jobsability.ca\/wp-content\/uploads\/2024\/08\/Pawrnaa-Perinpanayagam-150x150.jpg 150w, https:\/\/jobsability.ca\/wp-content\/uploads\/2024\/08\/Pawrnaa-Perinpanayagam-75x75.jpg 75w, https:\/\/jobsability.ca\/wp-content\/uploads\/2024\/08\/Pawrnaa-Perinpanayagam-100x100.jpg 100w\" sizes=\"(max-width:767px) 200px, 200px\" \/><div class=\"mpc-item-overlay mpc-transition\"><div class=\"mpc-overlay--vertical-wrap\"><div class=\"mpc-overlay--vertical\"><a class=\"mpc-icon-anchor\"><i class=\"mpc-item-overlay__icon mpc-type--external mpc-icon--icon\"><\/i><\/a><\/div><\/div><\/div><\/div><\/div>[vc_column_text css=&#8221;&#8221;]<\/p>\n<h3 style=\"text-align: center;\"><strong>Pawrnaa Perinpanayagam  <\/strong><\/h3>\n<p style=\"text-align: center;\"><strong>Strat\u00e8ge en communications<\/strong><\/p>\n<p style=\"text-align: center;\">Passionn\u00e9e par l\u2019inclusivit\u00e9, Pawrnaa Perinpanayagam est responsable du marketing de Jobs Ability Canada. Avec une vaste exp\u00e9rience dans le domaine de la sant\u00e9, les organismes sans but lucratif et les petites entreprises, elle excelle dans la cr\u00e9ation de campagnes efficaces et vise \u00e0 int\u00e9grer les approches traditionnelles et du marketing num\u00e9rique. <\/p>\n<p>[\/vc_column_text][\/vc_column][\/vc_row][\/vc_section][vc_section][vc_row css=&#8221;.vc_custom_1618247520411{padding-top: 5% !important;padding-bottom: 3% !important;}&#8221;][vc_column][vc_column_text]<\/p>\n<h2>\u00c9quipe consultative de Possibilit\u00e9s d\u2019emploi Canada<\/h2>\n<p>[\/vc_column_text][\/vc_column][\/vc_row][vc_row gap=&#8221;30&#8243; preset=&#8221;mpc_preset_4&#8243; content_preset=&#8221;_mpc_preset_4&#8243;][vc_column width=&#8221;1\/2&#8243;]<div data-id=\"mpc_image-8869ef73810d26c\" onclick=\"\" class=\"mpc-image mpc-init team mpc-overlay--slide-up\"  data-align=\"middle-center\"><div class=\"mpc-item mpc-transition\"><img decoding=\"async\" width=\"200\" height=\"200\" src=\"https:\/\/jobsability.ca\/wp-content\/uploads\/2024\/08\/Amy-Widdows.jpg\" class=\"mpc-transition attachment-full\" alt=\"\" title=\"Amy Widdows\" srcset=\"https:\/\/jobsability.ca\/wp-content\/uploads\/2024\/08\/Amy-Widdows.jpg 200w, https:\/\/jobsability.ca\/wp-content\/uploads\/2024\/08\/Amy-Widdows-150x150.jpg 150w, https:\/\/jobsability.ca\/wp-content\/uploads\/2024\/08\/Amy-Widdows-75x75.jpg 75w, https:\/\/jobsability.ca\/wp-content\/uploads\/2024\/08\/Amy-Widdows-100x100.jpg 100w\" sizes=\"(max-width:767px) 200px, 200px\" \/><div class=\"mpc-item-overlay mpc-transition\"><div class=\"mpc-overlay--vertical-wrap\"><div class=\"mpc-overlay--vertical\"><a class=\"mpc-icon-anchor\"><i class=\"mpc-item-overlay__icon mpc-type--external mpc-icon--icon\"><\/i><\/a><\/div><\/div><\/div><\/div><\/div>[vc_column_text css=&#8221;&#8221;]<\/p>\n<h3 style=\"text-align: center;\"><strong>Amy Widdows<\/strong><\/h3>\n<p style=\"text-align: center;\">Chef<br \/>\n <strong>de la direction<\/strong>R\u00e9seau ontarien pour l\u2019emploi des personnes handicap\u00e9es<\/p>\n<p style=\"text-align: center;\"><a href=\"mailto:awiddows@odenetwork.com\">awiddows@odenetwork.com<\/a><\/p>\n<p style=\"text-align: center;\">En tant que directrice de l\u2019engagement et de la formation en entreprise au sein du R\u00e9seau ontarien pour l\u2019emploi des personnes handicap\u00e9es, Amy dirige actuellement le projet du Centre de formation en entreprise de l\u2019Ontario et est responsable de Jobs Ability Canada. Sa vaste exp\u00e9rience et sa passion pour favoriser des environnements de travail inclusifs font d\u2019elle une force essentielle pour favoriser des changements positifs et cr\u00e9er des voies pour des talents diversifi\u00e9s dans le march\u00e9 du travail. <\/p>\n<p>[\/vc_column_text][\/vc_column][vc_column width=&#8221;1\/2&#8243;]<div data-id=\"mpc_image-5969ef73810d4d8\" onclick=\"\" class=\"mpc-image mpc-init team mpc-overlay--slide-up\"  data-align=\"middle-center\"><div class=\"mpc-item mpc-transition\"><img decoding=\"async\" width=\"1024\" height=\"1536\" src=\"https:\/\/jobsability.ca\/wp-content\/uploads\/2025\/12\/SueCervoni-1024x1536-1.jpg\" class=\"mpc-transition attachment-full\" alt=\"Sue Cervoni 2025\" title=\"SueCervoni-1024x1536\" srcset=\"https:\/\/jobsability.ca\/wp-content\/uploads\/2025\/12\/SueCervoni-1024x1536-1.jpg 1024w, https:\/\/jobsability.ca\/wp-content\/uploads\/2025\/12\/SueCervoni-1024x1536-1-200x300.jpg 200w, https:\/\/jobsability.ca\/wp-content\/uploads\/2025\/12\/SueCervoni-1024x1536-1-683x1024.jpg 683w, https:\/\/jobsability.ca\/wp-content\/uploads\/2025\/12\/SueCervoni-1024x1536-1-768x1152.jpg 768w, https:\/\/jobsability.ca\/wp-content\/uploads\/2025\/12\/SueCervoni-1024x1536-1-50x75.jpg 50w, https:\/\/jobsability.ca\/wp-content\/uploads\/2025\/12\/SueCervoni-1024x1536-1-67x100.jpg 67w, https:\/\/jobsability.ca\/wp-content\/uploads\/2025\/12\/SueCervoni-1024x1536-1-480x720.jpg 480w\" sizes=\"(max-width:767px) 480px, (max-width:1024px) 100vw, 1024px\" \/><div class=\"mpc-item-overlay mpc-transition\"><div class=\"mpc-overlay--vertical-wrap\"><div class=\"mpc-overlay--vertical\"><a class=\"mpc-icon-anchor\"><i class=\"mpc-item-overlay__icon mpc-type--external mpc-icon--icon\"><\/i><\/a><\/div><\/div><\/div><\/div><\/div>[vc_column_text css=&#8221;&#8221;]<\/p>\n<h3 style=\"text-align: center;\"><strong>Sue Cervoni, MBA<\/strong><\/h3>\n<p style=\"text-align: center;\">Directeur des services<br \/>\n <strong>d\u2019affaires et financiers<\/strong>R\u00e9seau ontarien pour l\u2019emploi des personnes handicap\u00e9es<\/p>\n<p style=\"text-align: center;\"><a href=\"mailto:sdafoe@jobsability.ca\">sdafoe@jobsability.ca<\/a><\/p>\n<p style=\"text-align: center;\">Sue Cervoni est directrice des services aux affaires et financiers pour le R\u00e9seau ontarien pour l\u2019emploi des personnes handicap\u00e9es. Sue apporte \u00e0 l\u2019\u00e9quipe sa richesse de connaissances et de comp\u00e9tences techniques. <\/p>\n<p style=\"text-align: center;\">Sue travaille dans le secteur sans but lucratif depuis plus de 20 ans \u00e0 divers titres. Elle a occup\u00e9 des postes dans de grandes et petites organisations \u00e0 but non lucratif, d\u00e9veloppant ainsi ses comp\u00e9tences en communications et en \u00e9v\u00e9nements. On peut aussi trouver Sue \u00e0 offrir son expertise \u00e0 des organisations via SD Consulting, offrant des formations aux conseils d\u2019administration, de la gestion d\u2019\u00e9v\u00e9nements, du marketing et des services de consultation.  <\/p>\n<p>[\/vc_column_text][\/vc_column][\/vc_row][vc_row gap=&#8221;30&#8243; disable_element=&#8221;yes&#8221;][vc_column width=&#8221;1\/3&#8243;]<div data-id=\"mpc_image-1669ef73810d729\" onclick=\"\" class=\"mpc-image mpc-init team mpc-overlay--slide-up\"  data-align=\"middle-center\"><div class=\"mpc-item mpc-transition\"><img decoding=\"async\" width=\"200\" height=\"200\" src=\"https:\/\/jobsability.ca\/wp-content\/uploads\/2021\/04\/Jeannette-Campbell.png\" class=\"mpc-transition attachment-full\" alt=\"\" title=\"Jeannette Campbell\" srcset=\"https:\/\/jobsability.ca\/wp-content\/uploads\/2021\/04\/Jeannette-Campbell.png 200w, https:\/\/jobsability.ca\/wp-content\/uploads\/2021\/04\/Jeannette-Campbell-150x150.png 150w, https:\/\/jobsability.ca\/wp-content\/uploads\/2021\/04\/Jeannette-Campbell-75x75.png 75w, https:\/\/jobsability.ca\/wp-content\/uploads\/2021\/04\/Jeannette-Campbell-100x100.png 100w\" sizes=\"(max-width:767px) 200px, 200px\" \/><div class=\"mpc-item-overlay mpc-transition\"><div class=\"mpc-overlay--vertical-wrap\"><div class=\"mpc-overlay--vertical\"><a href=\"https:\/\/www.linkedin.com\/in\/johnrobinsonceoourability\/\" target=\"_blank\" title=\"\"  class=\"mpc-icon-anchor\"><i class=\"mpc-item-overlay__icon mpc-type--external mpc-icon--icon\"><\/i><\/a><\/div><\/div><\/div><\/div><\/div>[vc_column_text]<\/p>\n<h3 style=\"text-align: center;\"><strong>Jeannette Campbell<\/strong><\/h3>\n<p style=\"text-align: center;\">Chef<br \/>\n <strong>de la direction<\/strong>R\u00e9seau ontarien pour l\u2019emploi des personnes handicap\u00e9es<\/p>\n<p style=\"text-align: center;\"><a href=\"mailto:jcampbell@odenetwork.com\">jcampbell@odenetwork.com<\/a><\/p>\n<p style=\"text-align: center;\"><span style=\"font-weight: 400;\">Jeannette Campbell apporte 20+ ans d\u2019exp\u00e9rience dans la prestation de services, le d\u00e9veloppement de produits, l\u2019\u00e9valuation et des partenariats strat\u00e9giques aupr\u00e8s des parties prenantes du secteur priv\u00e9, des entreprises, des fournisseurs de services d\u2019emploi et des gouvernements. Son travail dans le d\u00e9veloppement de programmes et l\u2019historique du leadership ont men\u00e9 \u00e0 des programmes, entreprises et projets r\u00e9ussis qui soutiennent la r\u00e9ussite des chercheurs d\u2019emploi, des organisations et des entreprises. <\/span><\/p>\n<p>[\/vc_column_text][\/vc_column][vc_column width=&#8221;1\/3&#8243;]<div data-id=\"mpc_image-1269ef73810d999\" onclick=\"\" class=\"mpc-image mpc-init team mpc-overlay--slide-up\"  data-align=\"middle-center\"><div class=\"mpc-item mpc-transition\"><img decoding=\"async\" width=\"200\" height=\"200\" src=\"https:\/\/jobsability.ca\/wp-content\/uploads\/2021\/04\/Ingrid-Muschta.png\" class=\"mpc-transition attachment-full\" alt=\"\" title=\"Ingrid Muschta\" srcset=\"https:\/\/jobsability.ca\/wp-content\/uploads\/2021\/04\/Ingrid-Muschta.png 200w, https:\/\/jobsability.ca\/wp-content\/uploads\/2021\/04\/Ingrid-Muschta-150x150.png 150w, https:\/\/jobsability.ca\/wp-content\/uploads\/2021\/04\/Ingrid-Muschta-75x75.png 75w, https:\/\/jobsability.ca\/wp-content\/uploads\/2021\/04\/Ingrid-Muschta-100x100.png 100w\" sizes=\"(max-width:767px) 200px, 200px\" \/><div class=\"mpc-item-overlay mpc-transition\"><div class=\"mpc-overlay--vertical-wrap\"><div class=\"mpc-overlay--vertical\"><a href=\"https:\/\/www.linkedin.com\/in\/carrie-krentz-16604a1b\/\" target=\"_blank\" title=\"\"  class=\"mpc-icon-anchor\"><i class=\"mpc-item-overlay__icon mpc-type--external mpc-icon--icon\"><\/i><\/a><\/div><\/div><\/div><\/div><\/div>[vc_column_text]<\/p>\n<h3 style=\"text-align: center;\"><strong>Ingrid Muschta, P.Eng.<\/strong><\/h3>\n<p style=\"text-align: center;\"><strong>Directeur &#8211; Projets sp\u00e9ciaux et innovation<\/strong><br \/>\nR\u00e9seau ontarien pour l\u2019emploi des personnes handicap\u00e9es<\/p>\n<p style=\"text-align: center;\"><a href=\"mailto:imuschta@odenetwork.com\">imuschta@odenetwork.com<\/a><\/p>\n<p style=\"text-align: center;\"><span style=\"font-weight: 400;\">Ingrid Muschta est ing\u00e9nieure professionnelle agr\u00e9\u00e9e dans la province de l\u2019Ontario avec 20 ans d\u2019exp\u00e9rience combin\u00e9e dans les milieux corporatifs, entrepreneuriaux et \u00e0 but non lucratif. Ingrid est une formatrice exp\u00e9riment\u00e9e, qui a efficacement livr\u00e9 du contenu \u00e0 des publics multiculturels et multig\u00e9n\u00e9rationnels, tant localement qu\u2019\u00e0 l\u2019international; enfin, Ingrid est une professionnelle dot\u00e9e de solides comp\u00e9tences en gestion de projet, en d\u00e9veloppement de programmes et de proc\u00e9dures. <\/span><\/p>\n<p>[\/vc_column_text][\/vc_column][vc_column width=&#8221;1\/3&#8243;]<div data-id=\"mpc_image-2769ef73810dba1\" onclick=\"\" class=\"mpc-image mpc-init team mpc-overlay--slide-up\"  data-align=\"middle-center\"><div class=\"mpc-item mpc-transition\"><img decoding=\"async\" width=\"200\" height=\"200\" src=\"https:\/\/jobsability.ca\/wp-content\/uploads\/2021\/04\/J.C.-Doyle.png\" class=\"mpc-transition attachment-full\" alt=\"\" title=\"J.C. Doyle\" srcset=\"https:\/\/jobsability.ca\/wp-content\/uploads\/2021\/04\/J.C.-Doyle.png 200w, https:\/\/jobsability.ca\/wp-content\/uploads\/2021\/04\/J.C.-Doyle-150x150.png 150w, https:\/\/jobsability.ca\/wp-content\/uploads\/2021\/04\/J.C.-Doyle-75x75.png 75w, https:\/\/jobsability.ca\/wp-content\/uploads\/2021\/04\/J.C.-Doyle-100x100.png 100w\" sizes=\"(max-width:767px) 200px, 200px\" \/><div class=\"mpc-item-overlay mpc-transition\"><div class=\"mpc-overlay--vertical-wrap\"><div class=\"mpc-overlay--vertical\"><a href=\"https:\/\/www.linkedin.com\/in\/aditi-agrawal-05\/\" target=\"_blank\" title=\"\"  class=\"mpc-icon-anchor\"><i class=\"mpc-item-overlay__icon mpc-type--external mpc-icon--icon\"><\/i><\/a><\/div><\/div><\/div><\/div><\/div>[vc_column_text]<\/p>\n<h3 style=\"text-align: center;\"><strong>J.C. Doyle, BComm, RSE<\/strong><\/h3>\n<p style=\"text-align: center;\">Sp\u00e9cialiste<br \/>\n <strong>de la diversit\u00e9 et de l\u2019inclusion<\/strong>R\u00e9seau ontarien pour l\u2019emploi des personnes handicap\u00e9es<\/p>\n<p style=\"text-align: center;\"><a href=\"mailto:jdoyle@odenetwork.com\">jdoyle@odenetwork.com<\/a><\/p>\n<p style=\"text-align: center;\"><span style=\"font-weight: 400;\">J.C. Doyle poss\u00e8de plus de 20 ans d\u2019exp\u00e9rience dans le secteur des services en tant que chef, entrepreneur, consultant en h\u00f4tellerie et propri\u00e9taire de restaurant. Son exp\u00e9rience et son exp\u00e9rience dans le secteur priv\u00e9 apportent une perspective unique au paysage de l\u2019emploi en situation de handicap. J.C. a \u00e9t\u00e9 membre fondateur du North Eastern Employment Network et a dirig\u00e9 des projets r\u00e9gionaux alignant les objectifs des employeurs et des chercheurs d\u2019emploi ayant un handicap.  <\/span><\/p>\n<p>[\/vc_column_text][\/vc_column][\/vc_row][\/vc_section]<\/p>\n<\/div>","protected":false},"excerpt":{"rendered":"<p>[vc_section css=&#8221;.vc_custom_1618246423197{padding-top: 5% !important;padding-bottom: 3% !important;}&#8221;][vc_row][vc_column][vc_column_text] \u00c9quipe Jobs Ability Canada [\/vc_column_text][\/vc_column][\/vc_row][vc_row gap=&#8221;30&#8243;][vc_column width=&#8221;1\/2&#8243; css=&#8221;.vc_custom_1618246391543{padding-right: 10% !important;padding-left: 10% !important;}&#8221;][vc_column_text css=&#8221;&#8221;] Liz Gosse (elle) Directeur de l\u2019engagement et de la formation en entreprise Liz est responsable de la croissance et du d\u00e9veloppement de la plateforme Jobs Ability Canada, supervisant l\u2019int\u00e9gration des abonn\u00e9s et le soutien aux comptes. Avec plus de 15 ans d\u2019exp\u00e9rience dans le secteur sans but lucratif, elle excelle dans le d\u00e9veloppement de relations avec<\/p>\n","protected":false},"author":1,"featured_media":0,"parent":0,"menu_order":0,"comment_status":"closed","ping_status":"closed","template":"","meta":{"nf_dc_page":"","footnotes":""},"class_list":["post-22663","page","type-page","status-publish","hentry"],"_links":{"self":[{"href":"https:\/\/jobsability.ca\/fr\/wp-json\/wp\/v2\/pages\/22663","targetHints":{"allow":["GET"]}}],"collection":[{"href":"https:\/\/jobsability.ca\/fr\/wp-json\/wp\/v2\/pages"}],"about":[{"href":"https:\/\/jobsability.ca\/fr\/wp-json\/wp\/v2\/types\/page"}],"author":[{"embeddable":true,"href":"https:\/\/jobsability.ca\/fr\/wp-json\/wp\/v2\/users\/1"}],"replies":[{"embeddable":true,"href":"https:\/\/jobsability.ca\/fr\/wp-json\/wp\/v2\/comments?post=22663"}],"version-history":[{"count":0,"href":"https:\/\/jobsability.ca\/fr\/wp-json\/wp\/v2\/pages\/22663\/revisions"}],"wp:attachment":[{"href":"https:\/\/jobsability.ca\/fr\/wp-json\/wp\/v2\/media?parent=22663"}],"curies":[{"name":"wp","href":"https:\/\/api.w.org\/{rel}","templated":true}]}}